{"id":3815,"date":"2012-10-18T10:47:21","date_gmt":"2012-10-18T10:47:21","guid":{"rendered":"http:\/\/www.sporthocker.com\/?page_id=3815"},"modified":"2019-07-18T16:00:33","modified_gmt":"2019-07-18T16:00:33","slug":"hockeraxel","status":"publish","type":"page","link":"https:\/\/www.sporthocker.com\/en\/team\/hockeraxel\/","title":{"rendered":"Hockeraxel"},"content":{"rendered":"<img loading=\"lazy\" src=\"https:\/\/www.sporthocker.com\/wp-content\/uploads\/2012\/10\/Hockeraxel.jpg\" alt=\"\" title=\"Hockeraxel\" width=\"730\" height=\"448\" class=\"alignnone size-full wp-image-3868\" srcset=\"https:\/\/www.sporthocker.com\/wp-content\/uploads\/2012\/10\/Hockeraxel.jpg 730w, https:\/\/www.sporthocker.com\/wp-content\/uploads\/2012\/10\/Hockeraxel-300x184.jpg 300w, https:\/\/www.sporthocker.com\/wp-content\/uploads\/2012\/10\/Hockeraxel-488x300.jpg 488w\" sizes=\"(max-width: 730px) 100vw, 730px\" \/><\/a><\/p>\n<p><strong>Name:<\/strong> Axel Hoffmann<br \/>\n<strong>Year of Birth:<\/strong> 1996<br \/>\n<strong>Living Place:<\/strong> in the middle of the Th\u00fcringer Wald<br \/>\n<strong>HeightGr\u00f6\u00dfe:<\/strong> ca.1,80<br \/>\n<strong>Weight:<\/strong> it&#8217;s ok<br \/>\n<strong>How long do you hock?<\/strong> In 2010 i got my first Sporthocker as a present&#8230; and now i can&#8217;t sit calm anymore.<br \/>\n<strong>Best tricks:<\/strong> Shoulder- and Handstand- variations, Shove- it variations, Wirbelmethoden<br \/>\n<strong>Achievements:<\/strong> 3rd place, KING OF HOCK 2015 &#8211; One Minute<br \/>\nWinner, SALZIG Sporthocker Video Award 2014 &#8211; Best Trick<br \/>\nNominated, SALZIG Sporthocker Video Award 2014 &#8211; Best Male Performance<br \/>\n2nd place, KING OF HOCK 2014 \u2013 Battle of Hock<br \/>\n3rd place, KING OF HOCK 2014 \u2013 Best Trick<br \/>\n2nd place, KING OF HOCK 2014 \u2013 One Minute<br \/>\n4th place Hocktoberfest 2013<br \/>\n2nd place, KING OF HOCK 2013 \u2013 Battle of Hock<br \/>\n2nd place, KING OF HOCK 2013 \u2013 One Minute<br \/>\n1st place, KING OF HOCK 2012 \u2013 Battle of Hock<br \/>\n2nd place, KING OF HOCK 2012 \u2013 One Minute<br \/>\n<strong>Andere Aktivit\u00e4ten\/Hobbies:<\/strong> There&#8217;s a lot for example Bouldern, Snowboarding, Diabolo and Slacklining<br \/>\n<strong>Last Words:<\/strong> If i had sit this one&#8230;<\/p>\n<!-- index.php -->\n<div\n\tclass=\"ngg-galleryoverview ngg-ajax-pagination-none\"\n\tid=\"ngg-gallery-bafff96f3c8c40240ed488202d2d9c40-1\">\n\n    \t\t<!-- Thumbnails -->\n\t\t\t\t<div id=\"ngg-image-0\" class=\"ngg-gallery-thumbnail-box\" >\n\t\t\t\t        <div class=\"ngg-gallery-thumbnail\">\n            <a href=\"https:\/\/www.sporthocker.com\/wp-content\/gallery\/hockeraxel\/hockeraxel.jpg\"\n               title=\"HockerAxel \/ Erfurt \/ Foto: Hannes Roth\"\n               data-src=\"https:\/\/www.sporthocker.com\/wp-content\/gallery\/hockeraxel\/hockeraxel.jpg\"\n               data-thumbnail=\"https:\/\/www.sporthocker.com\/wp-content\/gallery\/hockeraxel\/thumbs\/thumbs_hockeraxel.jpg\"\n               data-image-id=\"1748\"\n               data-title=\"HockerAxel \/ Erfurt \/ Foto: Hannes Roth\"\n               data-description=\"HockerAxel \/ Erfurt \/ Foto: Hannes Roth\"\n               data-image-slug=\"hockeraxel-erfurt-foto-hannes-roth-2\"\n               class=\"ngg-fancybox\" rel=\"bafff96f3c8c40240ed488202d2d9c40\">\n                <img\n                    title=\"HockerAxel \/ Erfurt \/ Foto: Hannes Roth\"\n                    alt=\"HockerAxel \/ Erfurt \/ Foto: Hannes Roth\"\n                    src=\"https:\/\/www.sporthocker.com\/wp-content\/gallery\/hockeraxel\/thumbs\/thumbs_hockeraxel.jpg\"\n                    width=\"138\"\n                    height=\"138\"\n                    style=\"max-width:100%;\"\n                \/>\n            <\/a>\n        <\/div>\n\t\t\t\t\t\t\t<\/div> \n\t\t\t\n        \n\t\t\t\t<div id=\"ngg-image-1\" class=\"ngg-gallery-thumbnail-box\" >\n\t\t\t\t        <div class=\"ngg-gallery-thumbnail\">\n            <a href=\"https:\/\/www.sporthocker.com\/wp-content\/gallery\/hockeraxel\/sporthocker-hockeraxel.jpg\"\n               title=\"HockerAxel \/ Erfurt \/ Foto: Hannes Roth\"\n               data-src=\"https:\/\/www.sporthocker.com\/wp-content\/gallery\/hockeraxel\/sporthocker-hockeraxel.jpg\"\n               data-thumbnail=\"https:\/\/www.sporthocker.com\/wp-content\/gallery\/hockeraxel\/thumbs\/thumbs_sporthocker-hockeraxel.jpg\"\n               data-image-id=\"1749\"\n               data-title=\"HockerAxel \/ Erfurt \/ Foto: Hannes Roth\"\n               data-description=\"HockerAxel \/ Erfurt \/ Foto: Hannes Roth\"\n               data-image-slug=\"hockeraxel-erfurt-foto-hannes-roth\"\n               class=\"ngg-fancybox\" rel=\"bafff96f3c8c40240ed488202d2d9c40\">\n                <img\n                    title=\"HockerAxel \/ Erfurt \/ Foto: Hannes Roth\"\n                    alt=\"HockerAxel \/ Erfurt \/ Foto: Hannes Roth\"\n                    src=\"https:\/\/www.sporthocker.com\/wp-content\/gallery\/hockeraxel\/thumbs\/thumbs_sporthocker-hockeraxel.jpg\"\n                    width=\"138\"\n                    height=\"138\"\n                    style=\"max-width:100%;\"\n                \/>\n            <\/a>\n        <\/div>\n\t\t\t\t\t\t\t<\/div> \n\t\t\t\n        \n\t\t\t\t<div id=\"ngg-image-2\" class=\"ngg-gallery-thumbnail-box\" >\n\t\t\t\t        <div class=\"ngg-gallery-thumbnail\">\n            <a href=\"https:\/\/www.sporthocker.com\/wp-content\/gallery\/hockeraxel\/salzig-sporthocker-sportaktiv-erfurt-axelslide.jpg\"\n               title=\"HockerAxel \/ Sport.Aktiv Erfurt \/ Foto: Stephan Landsch\u00fctz\"\n               data-src=\"https:\/\/www.sporthocker.com\/wp-content\/gallery\/hockeraxel\/salzig-sporthocker-sportaktiv-erfurt-axelslide.jpg\"\n               data-thumbnail=\"https:\/\/www.sporthocker.com\/wp-content\/gallery\/hockeraxel\/thumbs\/thumbs_salzig-sporthocker-sportaktiv-erfurt-axelslide.jpg\"\n               data-image-id=\"1751\"\n               data-title=\"HockerAxel \/ Sport.Aktiv Erfurt \/ Foto: Stephan Landsch\u00fctz\"\n               data-description=\"HockerAxel \/ Sport.Aktiv Erfurt \/ Foto: Stephan Landsch\u00fctz\"\n               data-image-slug=\"hockeraxel-sport-aktiv-erfurt-foto-stephan-landschutz\"\n               class=\"ngg-fancybox\" rel=\"bafff96f3c8c40240ed488202d2d9c40\">\n                <img\n                    title=\"HockerAxel \/ Sport.Aktiv Erfurt \/ Foto: Stephan Landsch\u00fctz\"\n                    alt=\"HockerAxel \/ Sport.Aktiv Erfurt \/ Foto: Stephan Landsch\u00fctz\"\n                    src=\"https:\/\/www.sporthocker.com\/wp-content\/gallery\/hockeraxel\/thumbs\/thumbs_salzig-sporthocker-sportaktiv-erfurt-axelslide.jpg\"\n                    width=\"138\"\n                    height=\"138\"\n                    style=\"max-width:100%;\"\n                \/>\n            <\/a>\n        <\/div>\n\t\t\t\t\t\t\t<\/div> \n\t\t\t\n        \n\t\t\t\t<div id=\"ngg-image-3\" class=\"ngg-gallery-thumbnail-box\" >\n\t\t\t\t        <div class=\"ngg-gallery-thumbnail\">\n            <a href=\"https:\/\/www.sporthocker.com\/wp-content\/gallery\/hockeraxel\/salzig-sporthocker-sportaktiv-erfurt-axel.jpg\"\n               title=\"HockerAxel \/ Sport.Aktiv Erfurt \/ Foto: Hannes Roth\"\n               data-src=\"https:\/\/www.sporthocker.com\/wp-content\/gallery\/hockeraxel\/salzig-sporthocker-sportaktiv-erfurt-axel.jpg\"\n               data-thumbnail=\"https:\/\/www.sporthocker.com\/wp-content\/gallery\/hockeraxel\/thumbs\/thumbs_salzig-sporthocker-sportaktiv-erfurt-axel.jpg\"\n               data-image-id=\"1750\"\n               data-title=\"HockerAxel \/ Sport.Aktiv Erfurt \/ Foto: Hannes Roth\"\n               data-description=\"HockerAxel \/ Sport.Aktiv Erfurt \/ Foto: Hannes Roth\"\n               data-image-slug=\"hockeraxel-sport-aktiv-erfurt-foto-hannes-roth\"\n               class=\"ngg-fancybox\" rel=\"bafff96f3c8c40240ed488202d2d9c40\">\n                <img\n                    title=\"HockerAxel \/ Sport.Aktiv Erfurt \/ Foto: Hannes Roth\"\n                    alt=\"HockerAxel \/ Sport.Aktiv Erfurt \/ Foto: Hannes Roth\"\n                    src=\"https:\/\/www.sporthocker.com\/wp-content\/gallery\/hockeraxel\/thumbs\/thumbs_salzig-sporthocker-sportaktiv-erfurt-axel.jpg\"\n                    width=\"138\"\n                    height=\"138\"\n                    style=\"max-width:100%;\"\n                \/>\n            <\/a>\n        <\/div>\n\t\t\t\t\t\t\t<\/div> \n\t\t\t\n        \n\t\t\t\t<div id=\"ngg-image-4\" class=\"ngg-gallery-thumbnail-box\" >\n\t\t\t\t        <div class=\"ngg-gallery-thumbnail\">\n            <a href=\"https:\/\/www.sporthocker.com\/wp-content\/gallery\/hockeraxel\/salzig-sporthocker-sportaktiv-erfurt-hockeraxel.jpg\"\n               title=\"HockerAxel \/ Sport.Aktiv Erfurt \/ Foto: Hannes Roth\"\n               data-src=\"https:\/\/www.sporthocker.com\/wp-content\/gallery\/hockeraxel\/salzig-sporthocker-sportaktiv-erfurt-hockeraxel.jpg\"\n               data-thumbnail=\"https:\/\/www.sporthocker.com\/wp-content\/gallery\/hockeraxel\/thumbs\/thumbs_salzig-sporthocker-sportaktiv-erfurt-hockeraxel.jpg\"\n               data-image-id=\"1752\"\n               data-title=\"HockerAxel \/ Sport.Aktiv Erfurt \/ Foto: Hannes Roth\"\n               data-description=\"HockerAxel \/ Sport.Aktiv Erfurt \/ Foto: Hannes Roth\"\n               data-image-slug=\"hockeraxel-sport-aktiv-erfurt-foto-hannes-roth-2\"\n               class=\"ngg-fancybox\" rel=\"bafff96f3c8c40240ed488202d2d9c40\">\n                <img\n                    title=\"HockerAxel \/ Sport.Aktiv Erfurt \/ Foto: Hannes Roth\"\n                    alt=\"HockerAxel \/ Sport.Aktiv Erfurt \/ Foto: Hannes Roth\"\n                    src=\"https:\/\/www.sporthocker.com\/wp-content\/gallery\/hockeraxel\/thumbs\/thumbs_salzig-sporthocker-sportaktiv-erfurt-hockeraxel.jpg\"\n                    width=\"138\"\n                    height=\"138\"\n                    style=\"max-width:100%;\"\n                \/>\n            <\/a>\n        <\/div>\n\t\t\t\t\t\t\t<\/div> \n\t\t\t\n        \n\t\t\t\t<div id=\"ngg-image-5\" class=\"ngg-gallery-thumbnail-box\" >\n\t\t\t\t        <div class=\"ngg-gallery-thumbnail\">\n            <a href=\"https:\/\/www.sporthocker.com\/wp-content\/gallery\/hockeraxel\/hockhart_sporthocker_ha.jpg\"\n               title=\"Hockeraxel \/ HockHart 2012 \/ Foto: Susanne Wilke\"\n               data-src=\"https:\/\/www.sporthocker.com\/wp-content\/gallery\/hockeraxel\/hockhart_sporthocker_ha.jpg\"\n               data-thumbnail=\"https:\/\/www.sporthocker.com\/wp-content\/gallery\/hockeraxel\/thumbs\/thumbs_hockhart_sporthocker_ha.jpg\"\n               data-image-id=\"1704\"\n               data-title=\"Hockeraxel \/ HockHart 2012 \/ Foto: Susanne Wilke\"\n               data-description=\"Hockeraxel \/ HockHart 2012 \/ Foto: Susanne Wilke\"\n               data-image-slug=\"hockeraxel-hockhart-2012-foto-susanne-wilke\"\n               class=\"ngg-fancybox\" rel=\"bafff96f3c8c40240ed488202d2d9c40\">\n                <img\n                    title=\"Hockeraxel \/ HockHart 2012 \/ Foto: Susanne Wilke\"\n                    alt=\"Hockeraxel \/ HockHart 2012 \/ Foto: Susanne Wilke\"\n                    src=\"https:\/\/www.sporthocker.com\/wp-content\/gallery\/hockeraxel\/thumbs\/thumbs_hockhart_sporthocker_ha.jpg\"\n                    width=\"138\"\n                    height=\"138\"\n                    style=\"max-width:100%;\"\n                \/>\n            <\/a>\n        <\/div>\n\t\t\t\t\t\t\t<\/div> \n\t\t\t\n        \n\t\t\t\t<div id=\"ngg-image-6\" class=\"ngg-gallery-thumbnail-box\" >\n\t\t\t\t        <div class=\"ngg-gallery-thumbnail\">\n            <a href=\"https:\/\/www.sporthocker.com\/wp-content\/gallery\/hockeraxel\/hockhart_sporthocker_hockeraxel_slide.jpg\"\n               title=\"Hockeraxel \/ HockHart 2012 \/ Foto: Susanne Wilke\"\n               data-src=\"https:\/\/www.sporthocker.com\/wp-content\/gallery\/hockeraxel\/hockhart_sporthocker_hockeraxel_slide.jpg\"\n               data-thumbnail=\"https:\/\/www.sporthocker.com\/wp-content\/gallery\/hockeraxel\/thumbs\/thumbs_hockhart_sporthocker_hockeraxel_slide.jpg\"\n               data-image-id=\"1706\"\n               data-title=\"Hockeraxel \/ HockHart 2012 \/ Foto: Susanne Wilke\"\n               data-description=\"Hockeraxel \/ HockHart 2012 \/ Foto: Susanne Wilke\"\n               data-image-slug=\"hockeraxel-hockhart-2012-foto-susanne-wilke-2\"\n               class=\"ngg-fancybox\" rel=\"bafff96f3c8c40240ed488202d2d9c40\">\n                <img\n                    title=\"Hockeraxel \/ HockHart 2012 \/ Foto: Susanne Wilke\"\n                    alt=\"Hockeraxel \/ HockHart 2012 \/ Foto: Susanne Wilke\"\n                    src=\"https:\/\/www.sporthocker.com\/wp-content\/gallery\/hockeraxel\/thumbs\/thumbs_hockhart_sporthocker_hockeraxel_slide.jpg\"\n                    width=\"138\"\n                    height=\"138\"\n                    style=\"max-width:100%;\"\n                \/>\n            <\/a>\n        <\/div>\n\t\t\t\t\t\t\t<\/div> \n\t\t\t\n        \n\t\t\t\t<div id=\"ngg-image-7\" class=\"ngg-gallery-thumbnail-box\" >\n\t\t\t\t        <div class=\"ngg-gallery-thumbnail\">\n            <a href=\"https:\/\/www.sporthocker.com\/wp-content\/gallery\/hockeraxel\/salzig_kingofhock_2012_s_wilke-17.jpg\"\n               title=\"Hockeraxel \/ King of Hock 2012 \/ Foto: Susanne Wilke\"\n               data-src=\"https:\/\/www.sporthocker.com\/wp-content\/gallery\/hockeraxel\/salzig_kingofhock_2012_s_wilke-17.jpg\"\n               data-thumbnail=\"https:\/\/www.sporthocker.com\/wp-content\/gallery\/hockeraxel\/thumbs\/thumbs_salzig_kingofhock_2012_s_wilke-17.jpg\"\n               data-image-id=\"1707\"\n               data-title=\"Hockeraxel \/ King of Hock 2012 \/ Foto: Susanne Wilke\"\n               data-description=\"Hockeraxel \/ King of Hock 2012 \/ Foto: Susanne Wilke\"\n               data-image-slug=\"hockeraxel-king-of-hock-2012-foto-susanne-wilke\"\n               class=\"ngg-fancybox\" rel=\"bafff96f3c8c40240ed488202d2d9c40\">\n                <img\n                    title=\"Hockeraxel \/ King of Hock 2012 \/ Foto: Susanne Wilke\"\n                    alt=\"Hockeraxel \/ King of Hock 2012 \/ Foto: Susanne Wilke\"\n                    src=\"https:\/\/www.sporthocker.com\/wp-content\/gallery\/hockeraxel\/thumbs\/thumbs_salzig_kingofhock_2012_s_wilke-17.jpg\"\n                    width=\"138\"\n                    height=\"138\"\n                    style=\"max-width:100%;\"\n                \/>\n            <\/a>\n        <\/div>\n\t\t\t\t\t\t\t<\/div> \n\t\t\t\n        \n\t\t\t\t<div id=\"ngg-image-8\" class=\"ngg-gallery-thumbnail-box\" >\n\t\t\t\t        <div class=\"ngg-gallery-thumbnail\">\n            <a href=\"https:\/\/www.sporthocker.com\/wp-content\/gallery\/hockeraxel\/salzig_kingofhock_2012_s_wilke-8.jpg\"\n               title=\"Hockeraxel \/ King of Hock 2012 \/ Foto: Susanne Wilke\"\n               data-src=\"https:\/\/www.sporthocker.com\/wp-content\/gallery\/hockeraxel\/salzig_kingofhock_2012_s_wilke-8.jpg\"\n               data-thumbnail=\"https:\/\/www.sporthocker.com\/wp-content\/gallery\/hockeraxel\/thumbs\/thumbs_salzig_kingofhock_2012_s_wilke-8.jpg\"\n               data-image-id=\"1710\"\n               data-title=\"Hockeraxel \/ King of Hock 2012 \/ Foto: Susanne Wilke\"\n               data-description=\"Hockeraxel \/ King of Hock 2012 \/ Foto: Susanne Wilke\"\n               data-image-slug=\"hockeraxel-king-of-hock-2012-foto-susanne-wilke-2\"\n               class=\"ngg-fancybox\" rel=\"bafff96f3c8c40240ed488202d2d9c40\">\n                <img\n                    title=\"Hockeraxel \/ King of Hock 2012 \/ Foto: Susanne Wilke\"\n                    alt=\"Hockeraxel \/ King of Hock 2012 \/ Foto: Susanne Wilke\"\n                    src=\"https:\/\/www.sporthocker.com\/wp-content\/gallery\/hockeraxel\/thumbs\/thumbs_salzig_kingofhock_2012_s_wilke-8.jpg\"\n                    width=\"138\"\n                    height=\"138\"\n                    style=\"max-width:100%;\"\n                \/>\n            <\/a>\n        <\/div>\n\t\t\t\t\t\t\t<\/div> \n\t\t\t\n        \n\t\t\t\t<div id=\"ngg-image-9\" class=\"ngg-gallery-thumbnail-box\" >\n\t\t\t\t        <div class=\"ngg-gallery-thumbnail\">\n            <a href=\"https:\/\/www.sporthocker.com\/wp-content\/gallery\/hockeraxel\/salzig_kingofhock_2012_s_wilke-29.jpg\"\n               title=\"Hockeraxel \/ King of Hock 2012 \/ Foto: Susanne Wilke\"\n               data-src=\"https:\/\/www.sporthocker.com\/wp-content\/gallery\/hockeraxel\/salzig_kingofhock_2012_s_wilke-29.jpg\"\n               data-thumbnail=\"https:\/\/www.sporthocker.com\/wp-content\/gallery\/hockeraxel\/thumbs\/thumbs_salzig_kingofhock_2012_s_wilke-29.jpg\"\n               data-image-id=\"1708\"\n               data-title=\"Hockeraxel \/ King of Hock 2012 \/ Foto: Susanne Wilke\"\n               data-description=\"Hockeraxel \/ King of Hock 2012 \/ Foto: Susanne Wilke\"\n               data-image-slug=\"hockeraxel-king-of-hock-2012-foto-susanne-wilke-3\"\n               class=\"ngg-fancybox\" rel=\"bafff96f3c8c40240ed488202d2d9c40\">\n                <img\n                    title=\"Hockeraxel \/ King of Hock 2012 \/ Foto: Susanne Wilke\"\n                    alt=\"Hockeraxel \/ King of Hock 2012 \/ Foto: Susanne Wilke\"\n                    src=\"https:\/\/www.sporthocker.com\/wp-content\/gallery\/hockeraxel\/thumbs\/thumbs_salzig_kingofhock_2012_s_wilke-29.jpg\"\n                    width=\"138\"\n                    height=\"138\"\n                    style=\"max-width:100%;\"\n                \/>\n            <\/a>\n        <\/div>\n\t\t\t\t\t\t\t<\/div> \n\t\t\t\n        \n\t\t\t\t<div id=\"ngg-image-10\" class=\"ngg-gallery-thumbnail-box\" >\n\t\t\t\t        <div class=\"ngg-gallery-thumbnail\">\n            <a href=\"https:\/\/www.sporthocker.com\/wp-content\/gallery\/hockeraxel\/salzig_kingofhock_2012_s_wilke-9.jpg\"\n               title=\"Hockeraxel \/ King of Hock 2012 \/ Foto: Susanne Wilke\"\n               data-src=\"https:\/\/www.sporthocker.com\/wp-content\/gallery\/hockeraxel\/salzig_kingofhock_2012_s_wilke-9.jpg\"\n               data-thumbnail=\"https:\/\/www.sporthocker.com\/wp-content\/gallery\/hockeraxel\/thumbs\/thumbs_salzig_kingofhock_2012_s_wilke-9.jpg\"\n               data-image-id=\"1711\"\n               data-title=\"Hockeraxel \/ King of Hock 2012 \/ Foto: Susanne Wilke\"\n               data-description=\"Hockeraxel \/ King of Hock 2012 \/ Foto: Susanne Wilke\"\n               data-image-slug=\"hockeraxel-king-of-hock-2012-foto-susanne-wilke-4\"\n               class=\"ngg-fancybox\" rel=\"bafff96f3c8c40240ed488202d2d9c40\">\n                <img\n                    title=\"Hockeraxel \/ King of Hock 2012 \/ Foto: Susanne Wilke\"\n                    alt=\"Hockeraxel \/ King of Hock 2012 \/ Foto: Susanne Wilke\"\n                    src=\"https:\/\/www.sporthocker.com\/wp-content\/gallery\/hockeraxel\/thumbs\/thumbs_salzig_kingofhock_2012_s_wilke-9.jpg\"\n                    width=\"138\"\n                    height=\"138\"\n                    style=\"max-width:100%;\"\n                \/>\n            <\/a>\n        <\/div>\n\t\t\t\t\t\t\t<\/div> \n\t\t\t\n        \n\t\t\t\t<div id=\"ngg-image-11\" class=\"ngg-gallery-thumbnail-box\" >\n\t\t\t\t        <div class=\"ngg-gallery-thumbnail\">\n            <a href=\"https:\/\/www.sporthocker.com\/wp-content\/gallery\/hockeraxel\/salzig_kingofhock_2012_s_wilke-3.jpg\"\n               title=\"Hockeraxel \/ King of Hock 2012 \/ Foto: Susanne Wilke\"\n               data-src=\"https:\/\/www.sporthocker.com\/wp-content\/gallery\/hockeraxel\/salzig_kingofhock_2012_s_wilke-3.jpg\"\n               data-thumbnail=\"https:\/\/www.sporthocker.com\/wp-content\/gallery\/hockeraxel\/thumbs\/thumbs_salzig_kingofhock_2012_s_wilke-3.jpg\"\n               data-image-id=\"1709\"\n               data-title=\"Hockeraxel \/ King of Hock 2012 \/ Foto: Susanne Wilke\"\n               data-description=\"Hockeraxel \/ King of Hock 2012 \/ Foto: Susanne Wilke\"\n               data-image-slug=\"hockeraxel-king-of-hock-2012-foto-susanne-wilke-5\"\n               class=\"ngg-fancybox\" rel=\"bafff96f3c8c40240ed488202d2d9c40\">\n                <img\n                    title=\"Hockeraxel \/ King of Hock 2012 \/ Foto: Susanne Wilke\"\n                    alt=\"Hockeraxel \/ King of Hock 2012 \/ Foto: Susanne Wilke\"\n                    src=\"https:\/\/www.sporthocker.com\/wp-content\/gallery\/hockeraxel\/thumbs\/thumbs_salzig_kingofhock_2012_s_wilke-3.jpg\"\n                    width=\"138\"\n                    height=\"138\"\n                    style=\"max-width:100%;\"\n                \/>\n            <\/a>\n        <\/div>\n\t\t\t\t\t\t\t<\/div> \n\t\t\t\n        \n\t\t\t\t<div id=\"ngg-image-12\" class=\"ngg-gallery-thumbnail-box\" >\n\t\t\t\t        <div class=\"ngg-gallery-thumbnail\">\n            <a href=\"https:\/\/www.sporthocker.com\/wp-content\/gallery\/hockeraxel\/salzig_kingofhock_2012_s_wilke.jpg\"\n               title=\"Hockeraxel \/ King of Hock 2012 \/ Foto: Susanne Wilke\"\n               data-src=\"https:\/\/www.sporthocker.com\/wp-content\/gallery\/hockeraxel\/salzig_kingofhock_2012_s_wilke.jpg\"\n               data-thumbnail=\"https:\/\/www.sporthocker.com\/wp-content\/gallery\/hockeraxel\/thumbs\/thumbs_salzig_kingofhock_2012_s_wilke.jpg\"\n               data-image-id=\"1712\"\n               data-title=\"Hockeraxel \/ King of Hock 2012 \/ Foto: Susanne Wilke\"\n               data-description=\"Hockeraxel \/ King of Hock 2012 \/ Foto: Susanne Wilke\"\n               data-image-slug=\"hockeraxel-king-of-hock-2012-foto-susanne-wilke-6\"\n               class=\"ngg-fancybox\" rel=\"bafff96f3c8c40240ed488202d2d9c40\">\n                <img\n                    title=\"Hockeraxel \/ King of Hock 2012 \/ Foto: Susanne Wilke\"\n                    alt=\"Hockeraxel \/ King of Hock 2012 \/ Foto: Susanne Wilke\"\n                    src=\"https:\/\/www.sporthocker.com\/wp-content\/gallery\/hockeraxel\/thumbs\/thumbs_salzig_kingofhock_2012_s_wilke.jpg\"\n                    width=\"138\"\n                    height=\"138\"\n                    style=\"max-width:100%;\"\n                \/>\n            <\/a>\n        <\/div>\n\t\t\t\t\t\t\t<\/div> \n\t\t\t\n        \n\t\t\t\t<div id=\"ngg-image-13\" class=\"ngg-gallery-thumbnail-box\" >\n\t\t\t\t        <div class=\"ngg-gallery-thumbnail\">\n            <a href=\"https:\/\/www.sporthocker.com\/wp-content\/gallery\/hockeraxel\/hockhart_sporthocker_hockeraxel.jpg\"\n               title=\"Hockeraxel \/ Battle of Hock \/ Foto: Susanne Wilke\"\n               data-src=\"https:\/\/www.sporthocker.com\/wp-content\/gallery\/hockeraxel\/hockhart_sporthocker_hockeraxel.jpg\"\n               data-thumbnail=\"https:\/\/www.sporthocker.com\/wp-content\/gallery\/hockeraxel\/thumbs\/thumbs_hockhart_sporthocker_hockeraxel.jpg\"\n               data-image-id=\"1705\"\n               data-title=\"Hockeraxel \/ Battle of Hock \/ Foto: Susanne Wilke\"\n               data-description=\"Hockeraxel \/ Battle of Hock \/ Foto: Susanne Wilke\"\n               data-image-slug=\"hockeraxel-battle-of-hock-foto-susanne-wilke\"\n               class=\"ngg-fancybox\" rel=\"bafff96f3c8c40240ed488202d2d9c40\">\n                <img\n                    title=\"Hockeraxel \/ Battle of Hock \/ Foto: Susanne Wilke\"\n                    alt=\"Hockeraxel \/ Battle of Hock \/ Foto: Susanne Wilke\"\n                    src=\"https:\/\/www.sporthocker.com\/wp-content\/gallery\/hockeraxel\/thumbs\/thumbs_hockhart_sporthocker_hockeraxel.jpg\"\n                    width=\"138\"\n                    height=\"138\"\n                    style=\"max-width:100%;\"\n                \/>\n            <\/a>\n        <\/div>\n\t\t\t\t\t\t\t<\/div> \n\t\t\t\n        \n\t\t\t\t<div id=\"ngg-image-14\" class=\"ngg-gallery-thumbnail-box\" >\n\t\t\t\t        <div class=\"ngg-gallery-thumbnail\">\n            <a href=\"https:\/\/www.sporthocker.com\/wp-content\/gallery\/hockeraxel\/sascha-hockeraxel.jpg\"\n               title=\"Hocktator &amp; Hockeraxel \/ YOU \/ Foto: Susanne Wilke\"\n               data-src=\"https:\/\/www.sporthocker.com\/wp-content\/gallery\/hockeraxel\/sascha-hockeraxel.jpg\"\n               data-thumbnail=\"https:\/\/www.sporthocker.com\/wp-content\/gallery\/hockeraxel\/thumbs\/thumbs_sascha-hockeraxel.jpg\"\n               data-image-id=\"1713\"\n               data-title=\"Hocktator &amp; Hockeraxel \/ YOU \/ Foto: Susanne Wilke\"\n               data-description=\"Hocktator &amp; Hockeraxel \/ YOU \/ Foto: Susanne Wilke\"\n               data-image-slug=\"hocktator-hockeraxel-you-foto-susanne-wilke\"\n               class=\"ngg-fancybox\" rel=\"bafff96f3c8c40240ed488202d2d9c40\">\n                <img\n                    title=\"Hocktator &amp; Hockeraxel \/ YOU \/ Foto: Susanne Wilke\"\n                    alt=\"Hocktator &amp; Hockeraxel \/ YOU \/ Foto: Susanne Wilke\"\n                    src=\"https:\/\/www.sporthocker.com\/wp-content\/gallery\/hockeraxel\/thumbs\/thumbs_sascha-hockeraxel.jpg\"\n                    width=\"138\"\n                    height=\"138\"\n                    style=\"max-width:100%;\"\n                \/>\n            <\/a>\n        <\/div>\n\t\t\t\t\t\t\t<\/div> \n\t\t\t\n        \n\t\t\t\t<div id=\"ngg-image-15\" class=\"ngg-gallery-thumbnail-box\" >\n\t\t\t\t        <div class=\"ngg-gallery-thumbnail\">\n            <a href=\"https:\/\/www.sporthocker.com\/wp-content\/gallery\/hockeraxel\/hockeraxel_you_sporthocker.jpg\"\n               title=\"Hockeraxel \/ YOU \/ Foto: Stephan Landsch\u00fctz\"\n               data-src=\"https:\/\/www.sporthocker.com\/wp-content\/gallery\/hockeraxel\/hockeraxel_you_sporthocker.jpg\"\n               data-thumbnail=\"https:\/\/www.sporthocker.com\/wp-content\/gallery\/hockeraxel\/thumbs\/thumbs_hockeraxel_you_sporthocker.jpg\"\n               data-image-id=\"1703\"\n               data-title=\"Hockeraxel \/ YOU \/ Foto: Stephan Landsch\u00fctz\"\n               data-description=\"Hockeraxel \/ YOU \/ Foto: Stephan Landsch\u00fctz\"\n               data-image-slug=\"hockeraxel-you-foto-stephan-landschutz\"\n               class=\"ngg-fancybox\" rel=\"bafff96f3c8c40240ed488202d2d9c40\">\n                <img\n                    title=\"Hockeraxel \/ YOU \/ Foto: Stephan Landsch\u00fctz\"\n                    alt=\"Hockeraxel \/ YOU \/ Foto: Stephan Landsch\u00fctz\"\n                    src=\"https:\/\/www.sporthocker.com\/wp-content\/gallery\/hockeraxel\/thumbs\/thumbs_hockeraxel_you_sporthocker.jpg\"\n                    width=\"138\"\n                    height=\"138\"\n                    style=\"max-width:100%;\"\n                \/>\n            <\/a>\n        <\/div>\n\t\t\t\t\t\t\t<\/div> \n\t\t\t\n        \n\t\t\t\t<div id=\"ngg-image-16\" class=\"ngg-gallery-thumbnail-box\" >\n\t\t\t\t        <div class=\"ngg-gallery-thumbnail\">\n            <a href=\"https:\/\/www.sporthocker.com\/wp-content\/gallery\/hockeraxel\/hockeraxel-handstand_you_sporthocker.jpg\"\n               title=\"Hockeraxel \/ YOU \/ Foto: Susanne Wilke\"\n               data-src=\"https:\/\/www.sporthocker.com\/wp-content\/gallery\/hockeraxel\/hockeraxel-handstand_you_sporthocker.jpg\"\n               data-thumbnail=\"https:\/\/www.sporthocker.com\/wp-content\/gallery\/hockeraxel\/thumbs\/thumbs_hockeraxel-handstand_you_sporthocker.jpg\"\n               data-image-id=\"1701\"\n               data-title=\"Hockeraxel \/ YOU \/ Foto: Susanne Wilke\"\n               data-description=\"Hockeraxel \/ YOU \/ Foto: Susanne Wilke\"\n               data-image-slug=\"hockeraxel-you-foto-susanne-wilke\"\n               class=\"ngg-fancybox\" rel=\"bafff96f3c8c40240ed488202d2d9c40\">\n                <img\n                    title=\"Hockeraxel \/ YOU \/ Foto: Susanne Wilke\"\n                    alt=\"Hockeraxel \/ YOU \/ Foto: Susanne Wilke\"\n                    src=\"https:\/\/www.sporthocker.com\/wp-content\/gallery\/hockeraxel\/thumbs\/thumbs_hockeraxel-handstand_you_sporthocker.jpg\"\n                    width=\"138\"\n                    height=\"138\"\n                    style=\"max-width:100%;\"\n                \/>\n            <\/a>\n        <\/div>\n\t\t\t\t\t\t\t<\/div> \n\t\t\t\n        \n\t\t\t\t<div id=\"ngg-image-17\" class=\"ngg-gallery-thumbnail-box\" >\n\t\t\t\t        <div class=\"ngg-gallery-thumbnail\">\n            <a href=\"https:\/\/www.sporthocker.com\/wp-content\/gallery\/hockeraxel\/sitting_hockeraxel_you_sporthocker.jpg\"\n               title=\"Hockeraxel \/ YOU \/ Foto: Susanne Wilke\"\n               data-src=\"https:\/\/www.sporthocker.com\/wp-content\/gallery\/hockeraxel\/sitting_hockeraxel_you_sporthocker.jpg\"\n               data-thumbnail=\"https:\/\/www.sporthocker.com\/wp-content\/gallery\/hockeraxel\/thumbs\/thumbs_sitting_hockeraxel_you_sporthocker.jpg\"\n               data-image-id=\"1714\"\n               data-title=\"Hockeraxel \/ YOU \/ Foto: Susanne Wilke\"\n               data-description=\"Hockeraxel \/ YOU \/ Foto: Susanne Wilke\"\n               data-image-slug=\"hockeraxel-you-foto-susanne-wilke-2\"\n               class=\"ngg-fancybox\" rel=\"bafff96f3c8c40240ed488202d2d9c40\">\n                <img\n                    title=\"Hockeraxel \/ YOU \/ Foto: Susanne Wilke\"\n                    alt=\"Hockeraxel \/ YOU \/ Foto: Susanne Wilke\"\n                    src=\"https:\/\/www.sporthocker.com\/wp-content\/gallery\/hockeraxel\/thumbs\/thumbs_sitting_hockeraxel_you_sporthocker.jpg\"\n                    width=\"138\"\n                    height=\"138\"\n                    style=\"max-width:100%;\"\n                \/>\n            <\/a>\n        <\/div>\n\t\t\t\t\t\t\t<\/div> \n\t\t\t\n        \n\t\t\n\t\t<div class=\"ngg-clear\"><\/div>\n\t<\/div>\n\n<iframe loading=\"lazy\" width=\"730\" height=\"411\" src=\"\/\/www.youtube.com\/embed\/qjfR-VIr5yY\" frameborder=\"0\" allowfullscreen><\/iframe><br \/>\n<iframe loading=\"lazy\" width=\"730\" height=\"411\" src=\"\/\/www.youtube.com\/embed\/8Dhaqgi9ZAo\" frameborder=\"0\" allowfullscreen><\/iframe><br \/>\n<iframe loading=\"lazy\" width=\"730\" height=\"548\" src=\"\/\/www.youtube.com\/embed\/hGklDg5QW7c\" frameborder=\"0\" allowfullscreen><\/iframe><br \/>\n<object width=\"730\" height=\"411\"><param name=\"movie\" value=\"http:\/\/www.youtube.com\/v\/VE1OEiItcSU?version=3&amp;hl=de_DE&amp;rel=0\"><\/param><param name=\"allowFullScreen\" value=\"true\"><\/param><param name=\"allowscriptaccess\" value=\"always\"><\/param><embed src=\"http:\/\/www.youtube.com\/v\/VE1OEiItcSU?version=3&amp;hl=de_DE&amp;rel=0\" type=\"application\/x-shockwave-flash\" width=\"730\" height=\"411\" allowscriptaccess=\"always\" allowfullscreen=\"true\"><\/embed><\/object>","protected":false},"excerpt":{"rendered":"<div class=\"post-excerpt\">Name: Axel Hoffmann Year of Birth: 1996 Living Place: in the middle of the Th\u00fcringer Wald HeightGr\u00f6\u00dfe: ca.1,80 Weight: it&#8217;s ok How long do you hock? In 2010 i got&hellip;<\/div>\n","protected":false},"author":1,"featured_media":8475,"parent":36,"menu_order":0,"comment_status":"closed","ping_status":"open","template":"","meta":{"ngg_post_thumbnail":0,"_links_to":"","_links_to_target":""},"_links":{"self":[{"href":"https:\/\/www.sporthocker.com\/en\/wp-json\/wp\/v2\/pages\/3815"}],"collection":[{"href":"https:\/\/www.sporthocker.com\/en\/wp-json\/wp\/v2\/pages"}],"about":[{"href":"https:\/\/www.sporthocker.com\/en\/wp-json\/wp\/v2\/types\/page"}],"author":[{"embeddable":true,"href":"https:\/\/www.sporthocker.com\/en\/wp-json\/wp\/v2\/users\/1"}],"replies":[{"embeddable":true,"href":"https:\/\/www.sporthocker.com\/en\/wp-json\/wp\/v2\/comments?post=3815"}],"version-history":[{"count":36,"href":"https:\/\/www.sporthocker.com\/en\/wp-json\/wp\/v2\/pages\/3815\/revisions"}],"predecessor-version":[{"id":8477,"href":"https:\/\/www.sporthocker.com\/en\/wp-json\/wp\/v2\/pages\/3815\/revisions\/8477"}],"up":[{"embeddable":true,"href":"https:\/\/www.sporthocker.com\/en\/wp-json\/wp\/v2\/pages\/36"}],"wp:featuredmedia":[{"embeddable":true,"href":"https:\/\/www.sporthocker.com\/en\/wp-json\/wp\/v2\/media\/8475"}],"wp:attachment":[{"href":"https:\/\/www.sporthocker.com\/en\/wp-json\/wp\/v2\/media?parent=3815"}],"curies":[{"name":"wp","href":"https:\/\/api.w.org\/{rel}","templated":true}]}}